{"id":6023,"date":"2025-02-04T14:46:53","date_gmt":"2025-02-04T14:46:53","guid":{"rendered":"http:\/\/pulsarcesucpt.local\/?page_id=6023"},"modified":"2025-06-16T10:06:34","modified_gmt":"2025-06-16T10:06:34","slug":"equipa","status":"publish","type":"page","link":"https:\/\/pulsar.ces.uc.pt\/en\/equipa\/","title":{"rendered":"Team"},"content":{"rendered":"<div id=\"main-banner\"  data-column-margin=\"default\" data-midnight=\"dark\"  class=\"wpb_row vc_row-fluid vc_row full-width-section parallax_section\"  style=\"padding-top: 225px; padding-bottom: 150px; \"><div class=\"row-bg-wrap\" data-bg-animation=\"zoom-out-slow\" data-bg-animation-delay=\"\" data-bg-overlay=\"true\"><div class=\"inner-wrap row-bg-layer using-image\" ><div class=\"row-bg viewport-desktop using-image\" data-parallax-speed=\"slow\" style=\"background-image: url(https:\/\/pulsar.ces.uc.pt\/wp-content\/uploads\/2019\/09\/2150995049.jpg); background-position: center center; background-repeat: no-repeat; \"><\/div><\/div><div class=\"row-bg-overlay row-bg-layer\" style=\"background: #36ccbe; background: linear-gradient(to bottom,#36ccbe 0%,#3feadd 100%);  opacity: 0.8; \"><\/div><\/div><div class=\"row_col_wrap_12 col span_12 dark left\">\n\t<div style=\" color: #ffffff;\" class=\"vc_col-sm-12 wpb_column column_container vc_column_container col no-extra-padding inherit_tablet inherit_phone\" data-cfc=\"true\"  data-padding-pos=\"all\" data-has-bg-color=\"false\" data-bg-color=\"\" data-bg-opacity=\"1\" data-animation=\"\" data-delay=\"0\" >\n\t\t<div class=\"vc_column-inner\" >\n\t\t\t<div class=\"wpb_wrapper\">\n\t\t\t\t\n<div class=\"wpb_text_column wpb_content_element  wpb_animate_when_almost_visible wpb_fadeInUp fadeInUp\" >\n\t<div class=\"wpb_wrapper\">\n\t\t<h2 class=\"vc_custom_heading\" style=\"text-align: center;\">Team<\/h2>\n\t<\/div>\n<\/div>\n\n\n\n\n\t\t\t<\/div> \n\t\t<\/div>\n\t<\/div> \n<\/div><\/div>\n\t\t<div id=\"fws_69f3d0364dc30\"  data-column-margin=\"default\" data-midnight=\"dark\"  class=\"wpb_row vc_row-fluid vc_row full-width-section\"  style=\"padding-top: 100px; padding-bottom: 100px; \"><div class=\"row-bg-wrap\" data-bg-animation=\"none\" data-bg-animation-delay=\"\" data-bg-overlay=\"true\"><div class=\"inner-wrap row-bg-layer\" ><div class=\"row-bg viewport-desktop\"  style=\"\"><\/div><\/div><div class=\"row-bg-overlay row-bg-layer\" style=\"background-color:#ffffff;  opacity: 0.8; \"><\/div><\/div><div class=\"row_col_wrap_12 col span_12 dark left\">\n\t<div  class=\"vc_col-sm-12 wpb_column column_container vc_column_container col has-animation no-extra-padding inherit_tablet inherit_phone\"  data-padding-pos=\"all\" data-has-bg-color=\"false\" data-bg-color=\"\" data-bg-opacity=\"1\" data-animation=\"reveal-from-bottom\" data-delay=\"0\" >\n\t\t<div class=\"vc_column-inner\" >\n\t\t\t<div class=\"wpb_wrapper\">\n\t\t\t\t\n<div class=\"wpb_text_column wpb_content_element\" >\n\t<div class=\"wpb_wrapper\">\n\t\t<h3 class=\"text-gradient vc_custom_heading\" style=\"text-align: left; color: #9038a5 !important;\">Equipa de investiga\u00e7\u00e3o<\/h3>\n\t<\/div>\n<\/div>\n\n\n\n<div class=\"divider-wrap\" data-alignment=\"default\"><div style=\"margin-top: 37.5px; height: 3px; margin-bottom: 37.5px;\" data-width=\"100%\" data-animate=\"\" data-animation-delay=\"\" data-color=\"extra-color-gradient-2\" class=\"divider-border\"><\/div><\/div><div id=\"fws_69f3d03652d3f\" data-midnight=\"\" data-column-margin=\"default\" class=\"wpb_row vc_row-fluid vc_row inner_row\"  style=\"padding-top: 25px; \"><div class=\"row-bg-wrap\"> <div class=\"row-bg\" ><\/div> <\/div><div class=\"row_col_wrap_12_inner col span_12  left\">\n\t<div  class=\"vc_col-sm-4 wpb_column column_container vc_column_container col child_column no-extra-padding inherit_tablet inherit_phone\"   data-padding-pos=\"all\" data-has-bg-color=\"false\" data-bg-color=\"\" data-bg-opacity=\"1\" data-animation=\"\" data-delay=\"0\" >\n\t\t<div class=\"vc_column-inner\" >\n\t\t<div class=\"wpb_wrapper\">\n\t\t\t<div class=\"team-member\" role=\"button\" tabindex=\"0\" data-style=\"bio_fullscreen\"><div class=\"team-member-image\"><div class=\"team-member-image-inner\"><img loading=\"lazy\" decoding=\"async\" src=\"https:\/\/pulsar.ces.uc.pt\/wp-content\/uploads\/2025\/03\/Mara_Pieri_2024_3-500x500.jpg\" width=\"500\" height=\"500\" alt=\"\" \/><\/div><\/div><div class=\"team-member-overlay\"><\/div>\n    <div class=\"team-meta\"><h3>Mara Pieri<\/h3><p>Investigadora Principal<\/p><div class=\"arrow-end fa fa-angle-right\"><\/div><div class=\"arrow-line\"><\/div><\/div>\n    <div class=\"nectar_team_bio_img\" data-img-src=\"https:\/\/pulsar.ces.uc.pt\/wp-content\/uploads\/2025\/03\/Mara_Pieri_2024_3.jpg\"><\/div>\n    <div class=\"nectar_team_bio\">Mara Pieri \u00e9 soci\u00f3loga e investigadora associada do Centro de Estudos Sociais da Universidade de Coimbra. Atualmente lidera dois projectos de investiga\u00e7\u00e3o sobre o acesso \u00e0 sa\u00fade e cuidados de sa\u00fade inclusivos para LGBTQ+: \u201cDIVERS - Diversidade e Inclus\u00e3o no Acesso aos Cuidados de Sa\u00fade\u201d (2022-2028) e \u2018PULSAR - O papel dos profissionais LGBTQ+ nos cuidados de sa\u00fade inclusivos\u2019 (2025-2026). Tem publicado sobre quest\u00f5es LGBTQ+, sociologia da sa\u00fade e estudos crip, com foco na doen\u00e7a cr\u00f3nica, (in)visibilidade e desigualdades em sa\u00fade. Em 2023, publicou o livro 'LGBTQ+ People with Chronic Illness. Chroniqueers in Southern Europe\u201d (Palgrave, 2023). O livro ganhou a Men\u00e7\u00e3o Honrosa do Pr\u00e9mio do Livro Anne Bolin &amp; Gil Herdt (HSAIG e American Anthropological Association).<div class=\"bottom_meta\"><a href=\"https:\/\/ces.uc.pt\/en\/ces\/pessoas\/investigadoras-es\/mara-pieri\" target=\"_blank\"><i class=\"icon-default-style fa fa-address-card-o\"><\/i><\/a><\/div><\/div>\n    <\/div>\n\t\t<\/div> \n\t<\/div>\n\t<\/div> \n\n\t<div  class=\"vc_col-sm-4 wpb_column column_container vc_column_container col child_column no-extra-padding inherit_tablet inherit_phone\"   data-padding-pos=\"all\" data-has-bg-color=\"false\" data-bg-color=\"\" data-bg-opacity=\"1\" data-animation=\"\" data-delay=\"0\" >\n\t\t<div class=\"vc_column-inner\" >\n\t\t<div class=\"wpb_wrapper\">\n\t\t\t<div class=\"team-member\" role=\"button\" tabindex=\"0\" data-style=\"bio_fullscreen\"><div class=\"team-member-image\"><div class=\"team-member-image-inner\"><img loading=\"lazy\" decoding=\"async\" src=\"https:\/\/pulsar.ces.uc.pt\/wp-content\/uploads\/2025\/03\/Lu_foto-500x500.jpg\" width=\"500\" height=\"500\" alt=\"\" \/><\/div><\/div><div class=\"team-member-overlay\"><\/div>\n    <div class=\"team-meta\"><h3>Ana L\u00facia Santos<\/h3><p>Investigadora<\/p><div class=\"arrow-end fa fa-angle-right\"><\/div><div class=\"arrow-line\"><\/div><\/div>\n    <div class=\"nectar_team_bio_img\" data-img-src=\"https:\/\/pulsar.ces.uc.pt\/wp-content\/uploads\/2025\/03\/Lu_foto.jpg\"><\/div>\n    <div class=\"nectar_team_bio\">Ana L\u00facia Santos \u00e9 investigadora associada do Centro de Estudos Sociais da Universidade de Coimbra, integrando projetos de investiga\u00e7\u00e3o relacionados com cidadania e sexualidades LGBTQI+. Doutorada em Estudos Feministas, integra o Grupo de Pesquisa em Sexualidades (GPS-CES) e foi co-fundadora da Plataforma Anti-Homofobia e Transfobia de Coimbra.<div class=\"bottom_meta\"><a href=\"https:\/\/ces.uc.pt\/pt\/ces\/pessoas\/investigadoras-es\/ana-lucia-santos\" target=\"_blank\"><i class=\"icon-default-style fa fa-address-card-o\"><\/i><\/a><\/div><\/div>\n    <\/div>\n\t\t<\/div> \n\t<\/div>\n\t<\/div> \n\n\t<div  class=\"vc_col-sm-4 wpb_column column_container vc_column_container col child_column no-extra-padding inherit_tablet inherit_phone\"   data-padding-pos=\"all\" data-has-bg-color=\"false\" data-bg-color=\"\" data-bg-opacity=\"1\" data-animation=\"\" data-delay=\"0\" >\n\t\t<div class=\"vc_column-inner\" >\n\t\t<div class=\"wpb_wrapper\">\n\t\t\t<div class=\"team-member\" role=\"button\" tabindex=\"0\" data-style=\"bio_fullscreen\"><div class=\"team-member-image\"><div class=\"team-member-image-inner\"><img loading=\"lazy\" decoding=\"async\" src=\"https:\/\/pulsar.ces.uc.pt\/wp-content\/uploads\/2025\/03\/Daniel_foto-500x500.jpg\" width=\"500\" height=\"500\" alt=\"\" \/><\/div><\/div><div class=\"team-member-overlay\"><\/div>\n    <div class=\"team-meta\"><h3>Daniel Neves da Costa<\/h3><p>Investigador<\/p><div class=\"arrow-end fa fa-angle-right\"><\/div><div class=\"arrow-line\"><\/div><\/div>\n    <div class=\"nectar_team_bio_img\" data-img-src=\"https:\/\/pulsar.ces.uc.pt\/wp-content\/uploads\/2025\/03\/Daniel_foto.jpg\"><\/div>\n    <div class=\"nectar_team_bio\">Daniel Neves da Costa \u00e9 Professor Auxiliar Convidado em Sociologia na Faculdade de Economia da Universidade de Coimbra e Investigador Colaborador no Centro de Estudos Sociais da Universidade de Coimbra. A sua tese de Doutoramento foi galardoada em 2017 pelo Instituto Nacional para a Reabilita\u00e7\u00e3o com o Pr\u00e9mio Maria C\u00e2ndida da Cunha para as Ci\u00eancias Sociais e Humanas. Os seus interesses de investiga\u00e7\u00e3o est\u00e3o fundados nos Estudos de Ci\u00eancia e Tecnologia, na Sociologia do Conhecimento e Sociologia da Ci\u00eancia, mas tamb\u00e9m em Antropologia da Experi\u00eancia e nos Estudos da Defici\u00eancia. O seu trabalho analisa as rela\u00e7\u00f5es entre ci\u00eancia e sociedade, especialmente as din\u00e2micas de intera\u00e7\u00e3o entre conhecimentos cient\u00edficos e biom\u00e9dicos e conhecimentos experienciais, comunit\u00e1rios e locais, valorizando como podem promover o empowerment de indiv\u00edduos, grupos e organiza\u00e7\u00f5es da sociedade civil.<div class=\"bottom_meta\"><a href=\"https:\/\/ces.uc.pt\/pt\/ces\/pessoas\/investigadoras-es-colaboradoras-es\/daniel-neves\" target=\"_blank\"><i class=\"icon-default-style fa fa-address-card-o\"><\/i><\/a><\/div><\/div>\n    <\/div>\n\t\t<\/div> \n\t<\/div>\n\t<\/div> \n<\/div><\/div>\n\t\t\t<\/div> \n\t\t<\/div>\n\t<\/div> \n<\/div><\/div>\n\t\t<div id=\"fws_69f3d0366b676\"  data-column-margin=\"default\" data-midnight=\"dark\"  class=\"wpb_row vc_row-fluid vc_row full-width-section\"  style=\"padding-top: 0px; padding-bottom: 100px; \"><div class=\"row-bg-wrap\" data-bg-animation=\"none\" data-bg-animation-delay=\"\" data-bg-overlay=\"true\"><div class=\"inner-wrap row-bg-layer\" ><div class=\"row-bg viewport-desktop\"  style=\"\"><\/div><\/div><div class=\"row-bg-overlay row-bg-layer\" style=\"background-color:#ffffff;  opacity: 0.8; \"><\/div><\/div><div class=\"row_col_wrap_12 col span_12 dark left\">\n\t<div  class=\"vc_col-sm-12 wpb_column column_container vc_column_container col has-animation no-extra-padding inherit_tablet inherit_phone\"  data-padding-pos=\"all\" data-has-bg-color=\"false\" data-bg-color=\"\" data-bg-opacity=\"1\" data-animation=\"reveal-from-bottom\" data-delay=\"0\" >\n\t\t<div class=\"vc_column-inner\" >\n\t\t\t<div class=\"wpb_wrapper\">\n\t\t\t\t\n<div class=\"wpb_text_column wpb_content_element\" >\n\t<div class=\"wpb_wrapper\">\n\t\t<h3 class=\"text-gradient vc_custom_heading\" style=\"text-align: left; color: #9038a5 !important;\">Equipa consultiva<\/h3>\n\t<\/div>\n<\/div>\n\n\n\n<div class=\"divider-wrap\" data-alignment=\"default\"><div style=\"margin-top: 37.5px; height: 3px; margin-bottom: 37.5px;\" data-width=\"100%\" data-animate=\"\" data-animation-delay=\"\" data-color=\"extra-color-gradient-2\" class=\"divider-border\"><\/div><\/div><div id=\"fws_69f3d0366b86b\" data-midnight=\"\" data-column-margin=\"default\" class=\"wpb_row vc_row-fluid vc_row inner_row\"  style=\"padding-top: 25px; \"><div class=\"row-bg-wrap\"> <div class=\"row-bg\" ><\/div> <\/div><div class=\"row_col_wrap_12_inner col span_12  left\">\n\t<div  class=\"vc_col-sm-4 wpb_column column_container vc_column_container col child_column no-extra-padding inherit_tablet inherit_phone\"   data-padding-pos=\"all\" data-has-bg-color=\"false\" data-bg-color=\"\" data-bg-opacity=\"1\" data-animation=\"\" data-delay=\"0\" >\n\t\t<div class=\"vc_column-inner\" >\n\t\t<div class=\"wpb_wrapper\">\n\t\t\t<div class=\"team-member\" role=\"button\" tabindex=\"0\" data-style=\"bio_fullscreen\"><div class=\"team-member-image\"><div class=\"team-member-image-inner\"><img loading=\"lazy\" decoding=\"async\" src=\"https:\/\/pulsar.ces.uc.pt\/wp-content\/uploads\/2025\/05\/Jo-Rodrigues-500x315.png\" width=\"500\" height=\"500\" alt=\"\" \/><\/div><\/div><div class=\"team-member-overlay\"><\/div>\n    <div class=\"team-meta\"><h3>Jo Rodrigues<\/h3><p>Advisory Board<\/p><div class=\"arrow-end fa fa-angle-right\"><\/div><div class=\"arrow-line\"><\/div><\/div>\n    <div class=\"nectar_team_bio_img\" data-img-src=\"https:\/\/pulsar.ces.uc.pt\/wp-content\/uploads\/2025\/05\/Jo-Rodrigues.png\"><\/div>\n    <div class=\"nectar_team_bio\">Jo Correia Rodrigues \u00e9 m\u00e9dica n\u00e3o bin\u00e1ria e co-fundadora da organiza\u00e7\u00e3o portuguesa \u201cAn\u00e9mona\u201d. A organiza\u00e7\u00e3o foi fundada em 2020 com o objetivo de promover e defender os direitos das pessoas trans e n\u00e3o bin\u00e1rias no contexto da sa\u00fade em Portugal. Re\u00fane profissionais de sa\u00fade, ativistas e assistentes sociais. Organiza sess\u00f5es formativas, eventos p\u00fablicos e divulga informa\u00e7\u00e3o sobre sa\u00fade. Correia Rodrigues \u00e9 uma figura ativa nas quest\u00f5es de sa\u00fade p\u00fablica e tem participado em in\u00fameros eventos, iniciativas e programas sobre desigualdades em sa\u00fade.<div class=\"bottom_meta\"><a href=\"\" target=\"_blank\"><i class=\"icon-default-style fa fa-user\"><\/i><\/a><\/div><\/div>\n    <\/div>\n\t\t<\/div> \n\t<\/div>\n\t<\/div> \n\n\t<div  class=\"vc_col-sm-4 wpb_column column_container vc_column_container col child_column no-extra-padding inherit_tablet inherit_phone\"   data-padding-pos=\"all\" data-has-bg-color=\"false\" data-bg-color=\"\" data-bg-opacity=\"1\" data-animation=\"\" data-delay=\"0\" >\n\t\t<div class=\"vc_column-inner\" >\n\t\t<div class=\"wpb_wrapper\">\n\t\t\t<div class=\"team-member\" role=\"button\" tabindex=\"0\" data-style=\"bio_fullscreen\"><div class=\"team-member-image\"><div class=\"team-member-image-inner\"><img loading=\"lazy\" decoding=\"async\" src=\"https:\/\/pulsar.ces.uc.pt\/wp-content\/uploads\/2025\/04\/Luna_foto_cut2-500x500.jpg\" width=\"500\" height=\"500\" alt=\"\" \/><\/div><\/div><div class=\"team-member-overlay\"><\/div>\n    <div class=\"team-meta\"><h3>Luna Dolezal<\/h3><p>Advisory Board<\/p><div class=\"arrow-end fa fa-angle-right\"><\/div><div class=\"arrow-line\"><\/div><\/div>\n    <div class=\"nectar_team_bio_img\" data-img-src=\"https:\/\/pulsar.ces.uc.pt\/wp-content\/uploads\/2025\/04\/Luna_foto_cut2.jpg\"><\/div>\n    <div class=\"nectar_team_bio\">Luna Dolezal is Professor of Philosophy and Medical Humanities at the University of Exeter where she is based in the Centre for Cultures and Environments of Health. Luna is PI of the Shame and Medicine Project and Co-I of the Imagining Technologies for Disability Futures Project, both funded by the Wellcome Trust. Her research is in the area of feminist phenomenology, philosophy of embodiment and emotion research.<div class=\"bottom_meta\"><a href=\"https:\/\/experts.exeter.ac.uk\/25967-luna-dolezal\" target=\"_blank\"><i class=\"icon-default-style fa fa-user-circle\"><\/i><\/a><\/div><\/div>\n    <\/div>\n\t\t<\/div> \n\t<\/div>\n\t<\/div> \n\n\t<div  class=\"vc_col-sm-4 wpb_column column_container vc_column_container col child_column no-extra-padding inherit_tablet inherit_phone\"   data-padding-pos=\"all\" data-has-bg-color=\"false\" data-bg-color=\"\" data-bg-opacity=\"1\" data-animation=\"\" data-delay=\"0\" >\n\t\t<div class=\"vc_column-inner\" >\n\t\t<div class=\"wpb_wrapper\">\n\t\t\t<div class=\"team-member\" role=\"button\" tabindex=\"0\" data-style=\"bio_fullscreen\"><div class=\"team-member-image\"><div class=\"team-member-image-inner\"><img loading=\"lazy\" decoding=\"async\" src=\"https:\/\/pulsar.ces.uc.pt\/wp-content\/uploads\/2025\/04\/Max-Kleijberg_web-500x500.jpg\" width=\"500\" height=\"500\" alt=\"\" \/><\/div><\/div><div class=\"team-member-overlay\"><\/div>\n    <div class=\"team-meta\"><h3>Max Kleijberg<\/h3><p>Advisory Board<\/p><div class=\"arrow-end fa fa-angle-right\"><\/div><div class=\"arrow-line\"><\/div><\/div>\n    <div class=\"nectar_team_bio_img\" data-img-src=\"https:\/\/pulsar.ces.uc.pt\/wp-content\/uploads\/2025\/04\/Max-Kleijberg_web.jpg\"><\/div>\n    <div class=\"nectar_team_bio\">Max Kleijberg tem forma\u00e7\u00e3o em design de produto e design de experi\u00eancia, e \u00e9 doutorado em medicina com foco em cuidados inovadores. \u00c9 professor s\u00e9nior de design da informa\u00e7\u00e3o na Universidade de M\u00e4lardalen (Su\u00e9cia), investigador afiliado no Instituto Karolinska (Su\u00e9cia) e trabalha no Centro Regional de Cancro de Estocolmo-Gotemburgo (Su\u00e9cia) como l\u00edder de processo para a equidade na sa\u00fade e nos cuidados oncol\u00f3gicos.<br \/>\nO seu trabalho de investiga\u00e7\u00e3o e desenvolvimento centra-se em quest\u00f5es relacionadas com a equidade na sa\u00fade e nos cuidados prestados a pessoas e grupos estruturalmente marginalizados na sociedade, muitas vezes devido a desigualdades socioecon\u00f3micas e pol\u00edticas (por exemplo, pessoas LGBTQ+ e pessoas com antecedentes de migra\u00e7\u00e3o). Trabalha frequentemente de forma orientada para a ac\u00e7\u00e3o, utilizando m\u00e9todos participativos para criar conhecimento pr\u00e1tico e promover mudan\u00e7as significativas em conjunto com as pessoas afetadas e as partes interessadas.<br \/>\nAlguns dos seus temas de investiga\u00e7\u00e3o atuais incluem: perspetivas LGBTQ+ sobre a morte, o morrer, a perda e os cuidados em fim de vida; sa\u00fade e condi\u00e7\u00f5es de vida de pessoas LGBTQ+ mais velhas na Su\u00e9cia; e melhoria do rastreio do cancro do colo do \u00fatero para pessoas transg\u00e9nero.<div class=\"bottom_meta\"><a href=\"\" target=\"_blank\"><i class=\"icon-default-style fa fa-user\"><\/i><\/a><\/div><\/div>\n    <\/div>\n\t\t<\/div> \n\t<\/div>\n\t<\/div> \n<\/div><\/div>\n\t\t\t<\/div> \n\t\t<\/div>\n\t<\/div> \n<\/div><\/div>\n\t\t<div id=\"fws_69f3d03674ed8\"  data-column-margin=\"default\" data-midnight=\"dark\"  class=\"wpb_row vc_row-fluid vc_row\"  style=\"padding-top: 0px; padding-bottom: 0px; \"><div class=\"row-bg-wrap\" data-bg-animation=\"none\" data-bg-animation-delay=\"\" data-bg-overlay=\"false\"><div class=\"inner-wrap row-bg-layer\" ><div class=\"row-bg viewport-desktop\"  style=\"\"><\/div><\/div><\/div><div class=\"row_col_wrap_12 col span_12 dark left\">\n\t<div  class=\"vc_col-sm-12 wpb_column column_container vc_column_container col no-extra-padding inherit_tablet inherit_phone\"  data-padding-pos=\"all\" data-has-bg-color=\"false\" data-bg-color=\"\" data-bg-opacity=\"1\" data-animation=\"\" data-delay=\"0\" >\n\t\t<div class=\"vc_column-inner\" >\n\t\t\t<div class=\"wpb_wrapper\">\n\t\t\t\t\n<div class=\"wpb_text_column wpb_content_element\" >\n\t<div class=\"wpb_wrapper\">\n\t\t<h3 class=\"text-gradient vc_custom_heading\" style=\"text-align: left; color: #9038a5 !important;\">Estagi\u00e1rios\/as<\/h3>\n\t<\/div>\n<\/div>\n\n\n\n<div class=\"divider-wrap\" data-alignment=\"default\"><div style=\"margin-top: 37.5px; height: 3px; margin-bottom: 37.5px;\" data-width=\"100%\" data-animate=\"\" data-animation-delay=\"\" data-color=\"extra-color-gradient-2\" class=\"divider-border\"><\/div><\/div><div id=\"fws_69f3d036753e2\" data-midnight=\"\" data-column-margin=\"default\" class=\"wpb_row vc_row-fluid vc_row inner_row\"  style=\"padding-top: 25px; \"><div class=\"row-bg-wrap\"> <div class=\"row-bg\" ><\/div> <\/div><div class=\"row_col_wrap_12_inner col span_12  left\">\n\t<div  class=\"vc_col-sm-4 wpb_column column_container vc_column_container col child_column no-extra-padding inherit_tablet inherit_phone\"   data-padding-pos=\"all\" data-has-bg-color=\"false\" data-bg-color=\"\" data-bg-opacity=\"1\" data-animation=\"\" data-delay=\"0\" >\n\t\t<div class=\"vc_column-inner\" >\n\t\t<div class=\"wpb_wrapper\">\n\t\t\t<div class=\"team-member\" role=\"button\" tabindex=\"0\" data-style=\"bio_fullscreen\"><div class=\"team-member-image\"><div class=\"team-member-image-inner\"><img loading=\"lazy\" decoding=\"async\" src=\"https:\/\/pulsar.ces.uc.pt\/wp-content\/uploads\/2025\/06\/Antonio-500x500.jpg\" width=\"500\" height=\"500\" alt=\"\" \/><\/div><\/div><div class=\"team-member-overlay\"><\/div>\n    <div class=\"team-meta\"><h3>Ant\u00f3nio Brito Coutinho<\/h3><p>Estagi\u00e1rio<\/p><div class=\"arrow-end fa fa-angle-right\"><\/div><div class=\"arrow-line\"><\/div><\/div>\n    <div class=\"nectar_team_bio_img\" data-img-src=\"https:\/\/pulsar.ces.uc.pt\/wp-content\/uploads\/2025\/06\/Antonio.jpg\"><\/div>\n    <div class=\"nectar_team_bio\">Ant\u00f3nio de Brito Coutinho \u00e9 estudante finalista da Licenciatura em Sociologia da Faculdade de Economia da Universidade de Coimbra. Durante a licenciatura desenvolveu projetos de investiga\u00e7\u00e3o como o Projeto ICMA - Inclus\u00e3o de Crian\u00e7as com Medidas Adicionais na Escola Prim\u00e1ria em parceria com a Escola EB1 Quinta das Flores e no \u00e2mbito da cadeira de Gest\u00e3o e Avalia\u00e7\u00e3o de Projetos de Investiga\u00e7\u00e3o Sociol\u00f3gica, e o Projeto Bairro da Rosa, no \u00e2mbito da unidade curricular Sociologia Aplicada em parceria com o Centro Comunit\u00e1rio S\u00e3o Jos\u00e9 - C\u00e1ritas Diocesana de Coimbra.<br \/>\nIntegra o quadro de m\u00e9rito da Universidade de Coimbra.<div class=\"bottom_meta\"><a href=\"\" target=\"_blank\"><i class=\"icon-default-style fa fa-user\"><\/i><\/a><\/div><\/div>\n    <\/div>\n\t\t<\/div> \n\t<\/div>\n\t<\/div> \n\n\t<div  class=\"vc_col-sm-4 wpb_column column_container vc_column_container col child_column no-extra-padding inherit_tablet inherit_phone\"   data-padding-pos=\"all\" data-has-bg-color=\"false\" data-bg-color=\"\" data-bg-opacity=\"1\" data-animation=\"\" data-delay=\"0\" >\n\t\t<div class=\"vc_column-inner\" >\n\t\t<div class=\"wpb_wrapper\">\n\t\t\t<div class=\"team-member\" role=\"button\" tabindex=\"0\" data-style=\"bio_fullscreen\"><div class=\"team-member-image\"><div class=\"team-member-image-inner\"><img loading=\"lazy\" decoding=\"async\" src=\"https:\/\/pulsar.ces.uc.pt\/wp-content\/uploads\/2025\/06\/Catia-500x500.jpg\" width=\"500\" height=\"500\" alt=\"\" \/><\/div><\/div><div class=\"team-member-overlay\"><\/div>\n    <div class=\"team-meta\"><h3>C\u00e1tia Santos<\/h3><p>Estagi\u00e1ria<\/p><div class=\"arrow-end fa fa-angle-right\"><\/div><div class=\"arrow-line\"><\/div><\/div>\n    <div class=\"nectar_team_bio_img\" data-img-src=\"https:\/\/pulsar.ces.uc.pt\/wp-content\/uploads\/2025\/06\/Catia.jpg\"><\/div>\n    <div class=\"nectar_team_bio\">C\u00e1tia Santos \u00e9 estudante finalista da Licenciatura em Sociologia na Faculdade de Economia da Universidade de Coimbra. Ao longo da licenciatura, participou em diversos projetos de investiga\u00e7\u00e3o, destacando-se o projeto GAE\/FEUC (Gabinete de Apoio aos Estudantes da Faculdade de Economia da Universidade de Coimbra), no \u00e2mbito da unidade curricular Gest\u00e3o e Avalia\u00e7\u00e3o de Projetos de Investiga\u00e7\u00e3o Sociol\u00f3gica, e o projeto Bairro da Rosa, no \u00e2mbito da unidade curricular Sociologia Aplicada.<br \/>\nIntegra ainda pelo 2\u00ba ano consecutivo o Quadro de M\u00e9rito da Universidade de Coimbra.<div class=\"bottom_meta\"><a href=\"https:\/\/experts.exeter.ac.uk\/25967-luna-dolezal\" target=\"_blank\"><i class=\"icon-default-style fa fa-user-circle\"><\/i><\/a><\/div><\/div>\n    <\/div>\n\t\t<\/div> \n\t<\/div>\n\t<\/div> \n<\/div><\/div>\n\t\t\t<\/div> \n\t\t<\/div>\n\t<\/div> \n<\/div><\/div>","protected":false},"excerpt":{"rendered":"Equipa Equipa de investiga\u00e7\u00e3o Mara PieriInvestigadora Principal Mara Pieri \u00e9 soci\u00f3loga e investigadora associada do Centro de Estudos Sociais da Universidade de Coimbra. Atualmente lidera dois projectos de investiga\u00e7\u00e3o sobre...","protected":false},"author":1,"featured_media":0,"parent":0,"menu_order":0,"comment_status":"closed","ping_status":"closed","template":"","meta":{"footnotes":""},"class_list":["post-6023","page","type-page","status-publish"],"_links":{"self":[{"href":"https:\/\/pulsar.ces.uc.pt\/en\/wp-json\/wp\/v2\/pages\/6023","targetHints":{"allow":["GET"]}}],"collection":[{"href":"https:\/\/pulsar.ces.uc.pt\/en\/wp-json\/wp\/v2\/pages"}],"about":[{"href":"https:\/\/pulsar.ces.uc.pt\/en\/wp-json\/wp\/v2\/types\/page"}],"author":[{"embeddable":true,"href":"https:\/\/pulsar.ces.uc.pt\/en\/wp-json\/wp\/v2\/users\/1"}],"replies":[{"embeddable":true,"href":"https:\/\/pulsar.ces.uc.pt\/en\/wp-json\/wp\/v2\/comments?post=6023"}],"version-history":[{"count":37,"href":"https:\/\/pulsar.ces.uc.pt\/en\/wp-json\/wp\/v2\/pages\/6023\/revisions"}],"predecessor-version":[{"id":6687,"href":"https:\/\/pulsar.ces.uc.pt\/en\/wp-json\/wp\/v2\/pages\/6023\/revisions\/6687"}],"wp:attachment":[{"href":"https:\/\/pulsar.ces.uc.pt\/en\/wp-json\/wp\/v2\/media?parent=6023"}],"curies":[{"name":"wp","href":"https:\/\/api.w.org\/{rel}","templated":true}]}}