{"id":6027,"date":"2025-02-04T14:49:03","date_gmt":"2025-02-04T14:49:03","guid":{"rendered":"http:\/\/pulsarcesucpt.local\/?page_id=6027"},"modified":"2025-06-12T16:32:11","modified_gmt":"2025-06-12T16:32:11","slug":"outputs","status":"publish","type":"page","link":"https:\/\/pulsar.ces.uc.pt\/en\/outputs\/","title":{"rendered":"Outputs"},"content":{"rendered":"<div id=\"main-banner\"  data-column-margin=\"default\" data-midnight=\"dark\"  class=\"wpb_row vc_row-fluid vc_row full-width-section parallax_section\"  style=\"padding-top: 225px; padding-bottom: 150px; \"><div class=\"row-bg-wrap\" data-bg-animation=\"zoom-out-slow\" data-bg-animation-delay=\"\" data-bg-overlay=\"true\"><div class=\"inner-wrap row-bg-layer using-image\" ><div class=\"row-bg viewport-desktop using-image\" data-parallax-speed=\"slow\" style=\"background-image: url(https:\/\/pulsar.ces.uc.pt\/wp-content\/uploads\/2025\/02\/245810.jpg); background-position: center top; background-repeat: no-repeat; \"><\/div><\/div><div class=\"row-bg-overlay row-bg-layer\" style=\"background: #36ccbe; background: linear-gradient(to bottom,#36ccbe 0%,#3feadd 100%);  opacity: 0.8; \"><\/div><\/div><div class=\"row_col_wrap_12 col span_12 dark left\">\n\t<div  class=\"vc_col-sm-12 wpb_column column_container vc_column_container col no-extra-padding inherit_tablet inherit_phone\"  data-padding-pos=\"all\" data-has-bg-color=\"false\" data-bg-color=\"\" data-bg-opacity=\"1\" data-animation=\"\" data-delay=\"0\" >\n\t\t<div class=\"vc_column-inner\" >\n\t\t\t<div class=\"wpb_wrapper\">\n\t\t\t\t\n<div class=\"wpb_text_column wpb_content_element  wpb_animate_when_almost_visible wpb_fadeInUp fadeInUp\" >\n\t<div class=\"wpb_wrapper\">\n\t\t<h2 style=\"color: white !important; text-align: center;\">Outputs<\/h2>\n\t<\/div>\n<\/div>\n\n\n\n\n\t\t\t<\/div> \n\t\t<\/div>\n\t<\/div> \n<\/div><\/div>\n\t\t<div id=\"fws_69f342d79aeac\"  data-column-margin=\"default\" data-midnight=\"dark\"  class=\"wpb_row vc_row-fluid vc_row full-width-section\"  style=\"padding-top: 100px; padding-bottom: 100px; \"><div class=\"row-bg-wrap\" data-bg-animation=\"none\" data-bg-animation-delay=\"\" data-bg-overlay=\"true\"><div class=\"inner-wrap row-bg-layer\" ><div class=\"row-bg viewport-desktop\"  style=\"\"><\/div><\/div><div class=\"row-bg-overlay row-bg-layer\" style=\"background-color:#ffffff;  opacity: 0.8; \"><\/div><\/div><div class=\"row_col_wrap_12 col span_12 dark left\">\n\t<div  class=\"vc_col-sm-12 wpb_column column_container vc_column_container col has-animation no-extra-padding inherit_tablet inherit_phone\"  data-padding-pos=\"all\" data-has-bg-color=\"false\" data-bg-color=\"\" data-bg-opacity=\"1\" data-animation=\"reveal-from-left\" data-delay=\"0\" >\n\t\t<div class=\"vc_column-inner\" >\n\t\t\t<div class=\"wpb_wrapper\">\n\t\t\t\t\n\t<div class=\"wpb_content_element\" data-interval=\"0\">\n\t\t<div class=\"wpb_wrapper tabbed clearfix\" data-style=\"vertical_modern\" data-animation=\"\" data-spacing=\"\" data-icon-size=\"24\" data-full-width-line=\"\" data-color-scheme=\"accent-color\" data-alignment=\"left\">\n\t\t\t<ul class=\"wpb_tabs_nav ui-tabs-nav clearfix\"><li class=\"tab-item active-tab\"><a role=\"button\" href=\"#tab-1744744015333-10\" class=\"active-tab\"><span>Not\u00edcias<\/span><\/a><\/li><li class=\"tab-item\"><a role=\"button\" href=\"#tab-1744744015352-7\" ><span>Publications<\/span><\/a><\/li><li class=\"tab-item\"><a role=\"button\" href=\"#tab-1744744015364-2\" ><span>Comunications<\/span><\/a><\/li><li class=\"tab-item\"><a role=\"button\" href=\"#tab-1744744015377-1\" ><span>Events<\/span><\/a><\/li><\/ul>\n\n\t\t\t\n\t\t\t<div id=\"tab-noticias\" data-tab-icon=\"\" class=\"wpb_tab ui-tabs-panel wpb_ui-tabs-hide clearfix\">\n\t\t\t\t\n<div class=\"row\">\n\n <div class=\"post-area col  span_12 col_last masonry auto_meta_overlaid_spaced\" data-ams=\"\" data-remove-post-date=\"\" data-remove-post-author=\"\" data-remove-post-comment-number=\"\" data-remove-post-nectar-love=\"\"> <div class=\"posts-container\" data-load-animation=\"none\">     \n     \n<article id=\"post-6795\" class=\"masonry-blog-item post-6795 post type-post status-publish format-standard has-post-thumbnail category-noticias\">  \n    \n  <div class=\"inner-wrap animated\">\n    \n    <div class=\"post-content\">\n\n      <div class=\"content-inner\">\n        \n        <a class=\"entire-meta-link\" href=\"https:\/\/pulsar.ces.uc.pt\/en\/encerramento-do-questionario-online\/\"><span class=\"screen-reader-text\">Encerramento do Question\u00e1rio Online<\/span><\/a>\n        \n        <span class=\"post-featured-img\"><img class=\"nectar-lazy wp-post-image skip-lazy\" alt=\"\" height=\"711\" width=\"1500\" data-nectar-img-src=\"https:\/\/pulsar.ces.uc.pt\/wp-content\/uploads\/2025\/02\/1497-800x711.jpg\" data-nectar-img-srcset=\"\" sizes=\"(min-width: 690px) 50vw, 100vw\" \/><\/span>        \n        <div class=\"article-content-wrap\">\n          \n          <span class=\"meta-category\"><a class=\"noticias\" href=\"https:\/\/pulsar.ces.uc.pt\/en\/category\/noticias\/\">Not\u00edcias<\/a><\/span>          \n          <div class=\"post-header\">\n            <h3 class=\"title\"><a href=\"https:\/\/pulsar.ces.uc.pt\/en\/encerramento-do-questionario-online\/\"> Encerramento do Question\u00e1rio Online<\/a><\/h3>\n                      <\/div>\n          \n        <\/div><!--article-content-wrap-->\n        \n      <\/div><!--\/content-inner-->\n        \n    <\/div><!--\/post-content-->\n      \n  <\/div><!--\/inner-wrap-->\n    \n<\/article>     \n     \n<article id=\"post-6009\" class=\"masonry-blog-item post-6009 post type-post status-publish format-standard has-post-thumbnail category-noticias\">  \n    \n  <div class=\"inner-wrap animated\">\n    \n    <div class=\"post-content\">\n\n      <div class=\"content-inner\">\n        \n        <a class=\"entire-meta-link\" href=\"https:\/\/pulsar.ces.uc.pt\/en\/amplificando-as-vozes-lgbtq-na-area-da-saude\/\"><span class=\"screen-reader-text\">Profissionais de sa\u00fade LGBTQ+: desafios e temas<\/span><\/a>\n        \n        <span class=\"post-featured-img\"><img class=\"nectar-lazy wp-post-image skip-lazy\" alt=\"\" height=\"844\" width=\"1500\" data-nectar-img-src=\"https:\/\/pulsar.ces.uc.pt\/wp-content\/uploads\/2019\/09\/2150995049-800x800.jpg\" data-nectar-img-srcset=\"https:\/\/pulsar.ces.uc.pt\/wp-content\/uploads\/2019\/09\/2150995049-800x800.jpg 800w, https:\/\/pulsar.ces.uc.pt\/wp-content\/uploads\/2019\/09\/2150995049-150x150.jpg 150w, https:\/\/pulsar.ces.uc.pt\/wp-content\/uploads\/2019\/09\/2150995049-140x140.jpg 140w, https:\/\/pulsar.ces.uc.pt\/wp-content\/uploads\/2019\/09\/2150995049-100x100.jpg 100w, https:\/\/pulsar.ces.uc.pt\/wp-content\/uploads\/2019\/09\/2150995049-500x500.jpg 500w, https:\/\/pulsar.ces.uc.pt\/wp-content\/uploads\/2019\/09\/2150995049-350x350.jpg 350w\" sizes=\"(min-width: 690px) 50vw, 100vw\" \/><\/span>        \n        <div class=\"article-content-wrap\">\n          \n          <span class=\"meta-category\"><a class=\"noticias\" href=\"https:\/\/pulsar.ces.uc.pt\/en\/category\/noticias\/\">Not\u00edcias<\/a><\/span>          \n          <div class=\"post-header\">\n            <h3 class=\"title\"><a href=\"https:\/\/pulsar.ces.uc.pt\/en\/amplificando-as-vozes-lgbtq-na-area-da-saude\/\"> Profissionais de sa\u00fade LGBTQ+: desafios e temas<\/a><\/h3>\n                      <\/div>\n          \n        <\/div><!--article-content-wrap-->\n        \n      <\/div><!--\/content-inner-->\n        \n    <\/div><!--\/post-content-->\n      \n  <\/div><!--\/inner-wrap-->\n    \n<\/article>     \n     \n<article id=\"post-6450\" class=\"masonry-blog-item post-6450 post type-post status-publish format-standard has-post-thumbnail category-noticias\">  \n    \n  <div class=\"inner-wrap animated\">\n    \n    <div class=\"post-content\">\n\n      <div class=\"content-inner\">\n        \n        <a class=\"entire-meta-link\" href=\"https:\/\/pulsar.ces.uc.pt\/en\/onde-a-ciencia-encontra-a-advocacia-na-area-da-saude\/\"><span class=\"screen-reader-text\">Projeto PULSAR: estamos online!<\/span><\/a>\n        \n        <span class=\"post-featured-img\"><img class=\"nectar-lazy wp-post-image skip-lazy\" alt=\"\" height=\"1000\" width=\"1500\" data-nectar-img-src=\"https:\/\/pulsar.ces.uc.pt\/wp-content\/uploads\/2025\/02\/283744-800x800.jpg\" data-nectar-img-srcset=\"https:\/\/pulsar.ces.uc.pt\/wp-content\/uploads\/2025\/02\/283744-800x800.jpg 800w, https:\/\/pulsar.ces.uc.pt\/wp-content\/uploads\/2025\/02\/283744-150x150.jpg 150w, https:\/\/pulsar.ces.uc.pt\/wp-content\/uploads\/2025\/02\/283744-140x140.jpg 140w, https:\/\/pulsar.ces.uc.pt\/wp-content\/uploads\/2025\/02\/283744-100x100.jpg 100w, https:\/\/pulsar.ces.uc.pt\/wp-content\/uploads\/2025\/02\/283744-500x500.jpg 500w, https:\/\/pulsar.ces.uc.pt\/wp-content\/uploads\/2025\/02\/283744-350x350.jpg 350w, https:\/\/pulsar.ces.uc.pt\/wp-content\/uploads\/2025\/02\/283744-1000x1000.jpg 1000w\" sizes=\"(min-width: 690px) 50vw, 100vw\" \/><\/span>        \n        <div class=\"article-content-wrap\">\n          \n          <span class=\"meta-category\"><a class=\"noticias\" href=\"https:\/\/pulsar.ces.uc.pt\/en\/category\/noticias\/\">Not\u00edcias<\/a><\/span>          \n          <div class=\"post-header\">\n            <h3 class=\"title\"><a href=\"https:\/\/pulsar.ces.uc.pt\/en\/onde-a-ciencia-encontra-a-advocacia-na-area-da-saude\/\"> Projeto PULSAR: estamos online!<\/a><\/h3>\n                      <\/div>\n          \n        <\/div><!--article-content-wrap-->\n        \n      <\/div><!--\/content-inner-->\n        \n    <\/div><!--\/post-content-->\n      \n  <\/div><!--\/inner-wrap-->\n    \n<\/article>    \n    <\/div><!--\/posts container-->\n    \n      \n<\/div><!--\/post area-->\n\n  \n\n<\/div>\n\n\n<div class=\"wpb_text_column wpb_content_element\" >\n\t<div class=\"wpb_wrapper\">\n\t\t\t<\/div>\n<\/div>\n\n\n\n\n\t\t\t<\/div> \n\t\t\t<div id=\"tab-publicacoes\" data-tab-icon=\"\" class=\"wpb_tab ui-tabs-panel wpb_ui-tabs-hide clearfix\">\n\t\t\t\t\n<div class=\"row\">\n\n <div class=\"post-area col  span_12 col_last masonry auto_meta_overlaid_spaced\" data-ams=\"\" data-remove-post-date=\"\" data-remove-post-author=\"1\" data-remove-post-comment-number=\"1\" data-remove-post-nectar-love=\"1\"> <div class=\"posts-container\" data-load-animation=\"none\">     \n     \n<article id=\"post-6868\" class=\"masonry-blog-item post-6868 post type-post status-publish format-standard has-post-thumbnail category-publicacoes\">  \n    \n  <div class=\"inner-wrap animated\">\n    \n    <div class=\"post-content\">\n\n      <div class=\"content-inner\">\n        \n        <a class=\"entire-meta-link\" href=\"https:\/\/pulsar.ces.uc.pt\/en\/resultados-do-questionario-realizado-online\/\"><span class=\"screen-reader-text\">Resultados do question\u00e1rio realizado online<\/span><\/a>\n        \n        <span class=\"post-featured-img\"><img class=\"nectar-lazy wp-post-image skip-lazy\" alt=\"\" height=\"1080\" width=\"1920\" data-nectar-img-src=\"https:\/\/pulsar.ces.uc.pt\/wp-content\/uploads\/2025\/11\/Sfondo-questionario_2-800x800.png\" data-nectar-img-srcset=\"https:\/\/pulsar.ces.uc.pt\/wp-content\/uploads\/2025\/11\/Sfondo-questionario_2-800x800.png 800w, https:\/\/pulsar.ces.uc.pt\/wp-content\/uploads\/2025\/11\/Sfondo-questionario_2-150x150.png 150w, https:\/\/pulsar.ces.uc.pt\/wp-content\/uploads\/2025\/11\/Sfondo-questionario_2-140x140.png 140w, https:\/\/pulsar.ces.uc.pt\/wp-content\/uploads\/2025\/11\/Sfondo-questionario_2-100x100.png 100w, https:\/\/pulsar.ces.uc.pt\/wp-content\/uploads\/2025\/11\/Sfondo-questionario_2-500x500.png 500w, https:\/\/pulsar.ces.uc.pt\/wp-content\/uploads\/2025\/11\/Sfondo-questionario_2-350x350.png 350w, https:\/\/pulsar.ces.uc.pt\/wp-content\/uploads\/2025\/11\/Sfondo-questionario_2-1000x1000.png 1000w\" sizes=\"(min-width: 690px) 50vw, 100vw\" \/><\/span>        \n        <div class=\"article-content-wrap\">\n          \n          <span class=\"meta-category\"><a class=\"publicacoes\" href=\"https:\/\/pulsar.ces.uc.pt\/en\/category\/publicacoes\/\">Publications<\/a><\/span>          \n          <div class=\"post-header\">\n            <h3 class=\"title\"><a href=\"https:\/\/pulsar.ces.uc.pt\/en\/resultados-do-questionario-realizado-online\/\"> Resultados do question\u00e1rio realizado online<\/a><\/h3>\n                      <\/div>\n          \n        <\/div><!--article-content-wrap-->\n        \n      <\/div><!--\/content-inner-->\n        \n    <\/div><!--\/post-content-->\n      \n  <\/div><!--\/inner-wrap-->\n    \n<\/article>    \n    <\/div><!--\/posts container-->\n    \n      \n<\/div><!--\/post area-->\n\n  \n\n<\/div>\n\n\n\t\t\t<\/div> \n\t\t\t<div id=\"tab-comunicacoes\" data-tab-icon=\"\" class=\"wpb_tab ui-tabs-panel wpb_ui-tabs-hide clearfix\">\n\t\t\t\t\n<div class=\"row\">\n\n <div class=\"post-area col  span_12 col_last masonry auto_meta_overlaid_spaced\" data-ams=\"\" data-remove-post-date=\"\" data-remove-post-author=\"1\" data-remove-post-comment-number=\"1\" data-remove-post-nectar-love=\"1\"> <div class=\"posts-container\" data-load-animation=\"none\">     \n     \n<article id=\"post-6840\" class=\"masonry-blog-item post-6840 post type-post status-publish format-standard has-post-thumbnail category-comunicacoes\">  \n    \n  <div class=\"inner-wrap animated\">\n    \n    <div class=\"post-content\">\n\n      <div class=\"content-inner\">\n        \n        <a class=\"entire-meta-link\" href=\"https:\/\/pulsar.ces.uc.pt\/en\/6840-2\/\"><span class=\"screen-reader-text\">Confer\u00eancia do Sexuality Research Network ESA em Palermo<\/span><\/a>\n        \n        <span class=\"post-featured-img\"><img class=\"nectar-lazy wp-post-image skip-lazy\" alt=\"\" height=\"2560\" width=\"1920\" data-nectar-img-src=\"https:\/\/pulsar.ces.uc.pt\/wp-content\/uploads\/2025\/09\/palermo3-800x800.jpg\" data-nectar-img-srcset=\"https:\/\/pulsar.ces.uc.pt\/wp-content\/uploads\/2025\/09\/palermo3-800x800.jpg 800w, https:\/\/pulsar.ces.uc.pt\/wp-content\/uploads\/2025\/09\/palermo3-150x150.jpg 150w, https:\/\/pulsar.ces.uc.pt\/wp-content\/uploads\/2025\/09\/palermo3-140x140.jpg 140w, https:\/\/pulsar.ces.uc.pt\/wp-content\/uploads\/2025\/09\/palermo3-100x100.jpg 100w, https:\/\/pulsar.ces.uc.pt\/wp-content\/uploads\/2025\/09\/palermo3-500x500.jpg 500w, https:\/\/pulsar.ces.uc.pt\/wp-content\/uploads\/2025\/09\/palermo3-350x350.jpg 350w, https:\/\/pulsar.ces.uc.pt\/wp-content\/uploads\/2025\/09\/palermo3-1000x1000.jpg 1000w\" sizes=\"(min-width: 690px) 50vw, 100vw\" \/><\/span>        \n        <div class=\"article-content-wrap\">\n          \n          <span class=\"meta-category\"><a class=\"comunicacoes\" href=\"https:\/\/pulsar.ces.uc.pt\/en\/category\/comunicacoes\/\">Comunications<\/a><\/span>          \n          <div class=\"post-header\">\n            <h3 class=\"title\"><a href=\"https:\/\/pulsar.ces.uc.pt\/en\/6840-2\/\"> Confer\u00eancia do Sexuality Research Network ESA em Palermo<\/a><\/h3>\n                      <\/div>\n          \n        <\/div><!--article-content-wrap-->\n        \n      <\/div><!--\/content-inner-->\n        \n    <\/div><!--\/post-content-->\n      \n  <\/div><!--\/inner-wrap-->\n    \n<\/article>     \n     \n<article id=\"post-6780\" class=\"masonry-blog-item post-6780 post type-post status-publish format-standard has-post-thumbnail category-comunicacoes\">  \n    \n  <div class=\"inner-wrap animated\">\n    \n    <div class=\"post-content\">\n\n      <div class=\"content-inner\">\n        \n        <a class=\"entire-meta-link\" href=\"https:\/\/pulsar.ces.uc.pt\/en\/xiii-congresso-portugues-de-sociologia\/\"><span class=\"screen-reader-text\">XIII Congresso Portugu\u00eas de Sociologia<\/span><\/a>\n        \n        <span class=\"post-featured-img\"><img class=\"nectar-lazy wp-post-image skip-lazy\" alt=\"\" height=\"1648\" width=\"1648\" data-nectar-img-src=\"https:\/\/pulsar.ces.uc.pt\/wp-content\/uploads\/2025\/07\/IMG_20250711_120121-800x800.jpg\" data-nectar-img-srcset=\"https:\/\/pulsar.ces.uc.pt\/wp-content\/uploads\/2025\/07\/IMG_20250711_120121-800x800.jpg 800w, https:\/\/pulsar.ces.uc.pt\/wp-content\/uploads\/2025\/07\/IMG_20250711_120121-300x300.jpg 300w, https:\/\/pulsar.ces.uc.pt\/wp-content\/uploads\/2025\/07\/IMG_20250711_120121-1024x1024.jpg 1024w, https:\/\/pulsar.ces.uc.pt\/wp-content\/uploads\/2025\/07\/IMG_20250711_120121-150x150.jpg 150w, https:\/\/pulsar.ces.uc.pt\/wp-content\/uploads\/2025\/07\/IMG_20250711_120121-768x768.jpg 768w, https:\/\/pulsar.ces.uc.pt\/wp-content\/uploads\/2025\/07\/IMG_20250711_120121-1536x1536.jpg 1536w, https:\/\/pulsar.ces.uc.pt\/wp-content\/uploads\/2025\/07\/IMG_20250711_120121-12x12.jpg 12w, https:\/\/pulsar.ces.uc.pt\/wp-content\/uploads\/2025\/07\/IMG_20250711_120121-140x140.jpg 140w, https:\/\/pulsar.ces.uc.pt\/wp-content\/uploads\/2025\/07\/IMG_20250711_120121-100x100.jpg 100w, https:\/\/pulsar.ces.uc.pt\/wp-content\/uploads\/2025\/07\/IMG_20250711_120121-500x500.jpg 500w, https:\/\/pulsar.ces.uc.pt\/wp-content\/uploads\/2025\/07\/IMG_20250711_120121-350x350.jpg 350w, https:\/\/pulsar.ces.uc.pt\/wp-content\/uploads\/2025\/07\/IMG_20250711_120121-1000x1000.jpg 1000w, https:\/\/pulsar.ces.uc.pt\/wp-content\/uploads\/2025\/07\/IMG_20250711_120121.jpg 1648w\" sizes=\"(min-width: 690px) 50vw, 100vw\" \/><\/span>        \n        <div class=\"article-content-wrap\">\n          \n          <span class=\"meta-category\"><a class=\"comunicacoes\" href=\"https:\/\/pulsar.ces.uc.pt\/en\/category\/comunicacoes\/\">Comunications<\/a><\/span>          \n          <div class=\"post-header\">\n            <h3 class=\"title\"><a href=\"https:\/\/pulsar.ces.uc.pt\/en\/xiii-congresso-portugues-de-sociologia\/\"> XIII Congresso Portugu\u00eas de Sociologia<\/a><\/h3>\n                      <\/div>\n          \n        <\/div><!--article-content-wrap-->\n        \n      <\/div><!--\/content-inner-->\n        \n    <\/div><!--\/post-content-->\n      \n  <\/div><!--\/inner-wrap-->\n    \n<\/article>     \n     \n<article id=\"post-219\" class=\"masonry-blog-item post-219 post type-post status-publish format-standard has-post-thumbnail category-comunicacoes\">  \n    \n  <div class=\"inner-wrap animated\">\n    \n    <div class=\"post-content\">\n\n      <div class=\"content-inner\">\n        \n        <a class=\"entire-meta-link\" href=\"https:\/\/pulsar.ces.uc.pt\/en\/mid-term-conference-sociology-of-health-and-illness\/\"><span class=\"screen-reader-text\">Mid-Term Conference &#8211; Sociology of Health and Illness<\/span><\/a>\n        \n        <span class=\"post-featured-img\"><img class=\"nectar-lazy wp-post-image skip-lazy\" alt=\"\" height=\"1500\" width=\"1500\" data-nectar-img-src=\"https:\/\/pulsar.ces.uc.pt\/wp-content\/uploads\/2019\/04\/Evora_1-800x800.jpg\" data-nectar-img-srcset=\"https:\/\/pulsar.ces.uc.pt\/wp-content\/uploads\/2019\/04\/Evora_1-800x800.jpg 800w, https:\/\/pulsar.ces.uc.pt\/wp-content\/uploads\/2019\/04\/Evora_1-300x300.jpg 300w, https:\/\/pulsar.ces.uc.pt\/wp-content\/uploads\/2019\/04\/Evora_1-1024x1024.jpg 1024w, https:\/\/pulsar.ces.uc.pt\/wp-content\/uploads\/2019\/04\/Evora_1-150x150.jpg 150w, https:\/\/pulsar.ces.uc.pt\/wp-content\/uploads\/2019\/04\/Evora_1-768x768.jpg 768w, https:\/\/pulsar.ces.uc.pt\/wp-content\/uploads\/2019\/04\/Evora_1-12x12.jpg 12w, https:\/\/pulsar.ces.uc.pt\/wp-content\/uploads\/2019\/04\/Evora_1-140x140.jpg 140w, https:\/\/pulsar.ces.uc.pt\/wp-content\/uploads\/2019\/04\/Evora_1-100x100.jpg 100w, https:\/\/pulsar.ces.uc.pt\/wp-content\/uploads\/2019\/04\/Evora_1-500x500.jpg 500w, https:\/\/pulsar.ces.uc.pt\/wp-content\/uploads\/2019\/04\/Evora_1-350x350.jpg 350w, https:\/\/pulsar.ces.uc.pt\/wp-content\/uploads\/2019\/04\/Evora_1-1000x1000.jpg 1000w, https:\/\/pulsar.ces.uc.pt\/wp-content\/uploads\/2019\/04\/Evora_1.jpg 1500w\" sizes=\"(min-width: 690px) 50vw, 100vw\" \/><\/span>        \n        <div class=\"article-content-wrap\">\n          \n          <span class=\"meta-category\"><a class=\"comunicacoes\" href=\"https:\/\/pulsar.ces.uc.pt\/en\/category\/comunicacoes\/\">Comunications<\/a><\/span>          \n          <div class=\"post-header\">\n            <h3 class=\"title\"><a href=\"https:\/\/pulsar.ces.uc.pt\/en\/mid-term-conference-sociology-of-health-and-illness\/\"> Mid-Term Conference &#8211; Sociology of Health and Illness<\/a><\/h3>\n                      <\/div>\n          \n        <\/div><!--article-content-wrap-->\n        \n      <\/div><!--\/content-inner-->\n        \n    <\/div><!--\/post-content-->\n      \n  <\/div><!--\/inner-wrap-->\n    \n<\/article>     \n     \n<article id=\"post-220\" class=\"masonry-blog-item post-220 post type-post status-publish format-standard has-post-thumbnail category-comunicacoes\">  \n    \n  <div class=\"inner-wrap animated\">\n    \n    <div class=\"post-content\">\n\n      <div class=\"content-inner\">\n        \n        <a class=\"entire-meta-link\" href=\"https:\/\/pulsar.ces.uc.pt\/en\/let-s-care-second-european-conference-on-lgbtqi-health\/\"><span class=\"screen-reader-text\">&#8220;Let&#8217;s Care!&#8221; 2nd European Conference on LGBTQI Health<\/span><\/a>\n        \n        <span class=\"post-featured-img\"><img class=\"nectar-lazy wp-post-image skip-lazy\" alt=\"\" height=\"1022\" width=\"1000\" data-nectar-img-src=\"https:\/\/pulsar.ces.uc.pt\/wp-content\/uploads\/2019\/07\/Bruxelles_1-800x800.jpg\" data-nectar-img-srcset=\"https:\/\/pulsar.ces.uc.pt\/wp-content\/uploads\/2019\/07\/Bruxelles_1-800x800.jpg 800w, https:\/\/pulsar.ces.uc.pt\/wp-content\/uploads\/2019\/07\/Bruxelles_1-150x150.jpg 150w, https:\/\/pulsar.ces.uc.pt\/wp-content\/uploads\/2019\/07\/Bruxelles_1-12x12.jpg 12w, https:\/\/pulsar.ces.uc.pt\/wp-content\/uploads\/2019\/07\/Bruxelles_1-140x140.jpg 140w, https:\/\/pulsar.ces.uc.pt\/wp-content\/uploads\/2019\/07\/Bruxelles_1-100x100.jpg 100w, https:\/\/pulsar.ces.uc.pt\/wp-content\/uploads\/2019\/07\/Bruxelles_1-500x500.jpg 500w, https:\/\/pulsar.ces.uc.pt\/wp-content\/uploads\/2019\/07\/Bruxelles_1-350x350.jpg 350w, https:\/\/pulsar.ces.uc.pt\/wp-content\/uploads\/2019\/07\/Bruxelles_1-1000x1000.jpg 1000w\" sizes=\"(min-width: 690px) 50vw, 100vw\" \/><\/span>        \n        <div class=\"article-content-wrap\">\n          \n          <span class=\"meta-category\"><a class=\"comunicacoes\" href=\"https:\/\/pulsar.ces.uc.pt\/en\/category\/comunicacoes\/\">Comunications<\/a><\/span>          \n          <div class=\"post-header\">\n            <h3 class=\"title\"><a href=\"https:\/\/pulsar.ces.uc.pt\/en\/let-s-care-second-european-conference-on-lgbtqi-health\/\"> &#8220;Let&#8217;s Care!&#8221; 2nd European Conference on LGBTQI Health<\/a><\/h3>\n                      <\/div>\n          \n        <\/div><!--article-content-wrap-->\n        \n      <\/div><!--\/content-inner-->\n        \n    <\/div><!--\/post-content-->\n      \n  <\/div><!--\/inner-wrap-->\n    \n<\/article>    \n    <\/div><!--\/posts container-->\n    \n      \n<\/div><!--\/post area-->\n\n  \n\n<\/div>\n\n\n\t\t\t<\/div> \n\t\t\t<div id=\"tab-eventos\" data-tab-icon=\"\" class=\"wpb_tab ui-tabs-panel wpb_ui-tabs-hide clearfix\">\n\t\t\t\t\n<div class=\"row\">\n\n <div class=\"post-area col  span_12 col_last masonry auto_meta_overlaid_spaced\" data-ams=\"\" data-remove-post-date=\"\" data-remove-post-author=\"1\" data-remove-post-comment-number=\"1\" data-remove-post-nectar-love=\"1\"> <div class=\"posts-container\" data-load-animation=\"none\">     \n     \n<article id=\"post-6852\" class=\"masonry-blog-item post-6852 post type-post status-publish format-standard has-post-thumbnail category-eventos\">  \n    \n  <div class=\"inner-wrap animated\">\n    \n    <div class=\"post-content\">\n\n      <div class=\"content-inner\">\n        \n        <a class=\"entire-meta-link\" href=\"https:\/\/pulsar.ces.uc.pt\/en\/formacao-no-centro-de-saude-norton-de-matos\/\"><span class=\"screen-reader-text\">Forma\u00e7\u00e3o no Centro de Sa\u00fade Norton de Matos<\/span><\/a>\n        \n        <span class=\"post-featured-img\"><img class=\"nectar-lazy wp-post-image skip-lazy\" alt=\"\" height=\"1064\" width=\"1600\" data-nectar-img-src=\"https:\/\/pulsar.ces.uc.pt\/wp-content\/uploads\/2025\/10\/IMG-20251022-WA0020-800x800.jpg\" data-nectar-img-srcset=\"https:\/\/pulsar.ces.uc.pt\/wp-content\/uploads\/2025\/10\/IMG-20251022-WA0020-800x800.jpg 800w, https:\/\/pulsar.ces.uc.pt\/wp-content\/uploads\/2025\/10\/IMG-20251022-WA0020-150x150.jpg 150w, https:\/\/pulsar.ces.uc.pt\/wp-content\/uploads\/2025\/10\/IMG-20251022-WA0020-140x140.jpg 140w, https:\/\/pulsar.ces.uc.pt\/wp-content\/uploads\/2025\/10\/IMG-20251022-WA0020-100x100.jpg 100w, https:\/\/pulsar.ces.uc.pt\/wp-content\/uploads\/2025\/10\/IMG-20251022-WA0020-500x500.jpg 500w, https:\/\/pulsar.ces.uc.pt\/wp-content\/uploads\/2025\/10\/IMG-20251022-WA0020-350x350.jpg 350w, https:\/\/pulsar.ces.uc.pt\/wp-content\/uploads\/2025\/10\/IMG-20251022-WA0020-1000x1000.jpg 1000w\" sizes=\"(min-width: 690px) 50vw, 100vw\" \/><\/span>        \n        <div class=\"article-content-wrap\">\n          \n          <span class=\"meta-category\"><a class=\"eventos\" href=\"https:\/\/pulsar.ces.uc.pt\/en\/category\/eventos\/\">Events<\/a><\/span>          \n          <div class=\"post-header\">\n            <h3 class=\"title\"><a href=\"https:\/\/pulsar.ces.uc.pt\/en\/formacao-no-centro-de-saude-norton-de-matos\/\"> Forma\u00e7\u00e3o no Centro de Sa\u00fade Norton de Matos<\/a><\/h3>\n                      <\/div>\n          \n        <\/div><!--article-content-wrap-->\n        \n      <\/div><!--\/content-inner-->\n        \n    <\/div><!--\/post-content-->\n      \n  <\/div><!--\/inner-wrap-->\n    \n<\/article>     \n     \n<article id=\"post-6799\" class=\"masonry-blog-item post-6799 post type-post status-publish format-standard has-post-thumbnail category-eventos\">  \n    \n  <div class=\"inner-wrap animated\">\n    \n    <div class=\"post-content\">\n\n      <div class=\"content-inner\">\n        \n        <a class=\"entire-meta-link\" href=\"https:\/\/pulsar.ces.uc.pt\/en\/acao-formativa-sobre-saude-lgbtq\/\"><span class=\"screen-reader-text\">A\u00e7\u00e3o formativa sobre sa\u00fade LGBTQ+<\/span><\/a>\n        \n        <span class=\"post-featured-img\"><img class=\"nectar-lazy wp-post-image skip-lazy\" alt=\"\" height=\"1063\" width=\"1600\" data-nectar-img-src=\"https:\/\/pulsar.ces.uc.pt\/wp-content\/uploads\/2025\/08\/IMG-20250731-WA0086-800x800.jpg\" data-nectar-img-srcset=\"https:\/\/pulsar.ces.uc.pt\/wp-content\/uploads\/2025\/08\/IMG-20250731-WA0086-800x800.jpg 800w, https:\/\/pulsar.ces.uc.pt\/wp-content\/uploads\/2025\/08\/IMG-20250731-WA0086-150x150.jpg 150w, https:\/\/pulsar.ces.uc.pt\/wp-content\/uploads\/2025\/08\/IMG-20250731-WA0086-140x140.jpg 140w, https:\/\/pulsar.ces.uc.pt\/wp-content\/uploads\/2025\/08\/IMG-20250731-WA0086-100x100.jpg 100w, https:\/\/pulsar.ces.uc.pt\/wp-content\/uploads\/2025\/08\/IMG-20250731-WA0086-500x500.jpg 500w, https:\/\/pulsar.ces.uc.pt\/wp-content\/uploads\/2025\/08\/IMG-20250731-WA0086-350x350.jpg 350w, https:\/\/pulsar.ces.uc.pt\/wp-content\/uploads\/2025\/08\/IMG-20250731-WA0086-1000x1000.jpg 1000w\" sizes=\"(min-width: 690px) 50vw, 100vw\" \/><\/span>        \n        <div class=\"article-content-wrap\">\n          \n          <span class=\"meta-category\"><a class=\"eventos\" href=\"https:\/\/pulsar.ces.uc.pt\/en\/category\/eventos\/\">Events<\/a><\/span>          \n          <div class=\"post-header\">\n            <h3 class=\"title\"><a href=\"https:\/\/pulsar.ces.uc.pt\/en\/acao-formativa-sobre-saude-lgbtq\/\"> A\u00e7\u00e3o formativa sobre sa\u00fade LGBTQ+<\/a><\/h3>\n                      <\/div>\n          \n        <\/div><!--article-content-wrap-->\n        \n      <\/div><!--\/content-inner-->\n        \n    <\/div><!--\/post-content-->\n      \n  <\/div><!--\/inner-wrap-->\n    \n<\/article>     \n     \n<article id=\"post-6787\" class=\"masonry-blog-item post-6787 post type-post status-publish format-standard has-post-thumbnail category-eventos\">  \n    \n  <div class=\"inner-wrap animated\">\n    \n    <div class=\"post-content\">\n\n      <div class=\"content-inner\">\n        \n        <a class=\"entire-meta-link\" href=\"https:\/\/pulsar.ces.uc.pt\/en\/formacao-sobre-saude-das-pessoas-lgbtq\/\"><span class=\"screen-reader-text\">Forma\u00e7\u00e3o sobre sa\u00fade das pessoas LGBTQ+<\/span><\/a>\n        \n        <span class=\"post-featured-img\"><img class=\"nectar-lazy wp-post-image skip-lazy\" alt=\"\" height=\"2500\" width=\"2500\" data-nectar-img-src=\"https:\/\/pulsar.ces.uc.pt\/wp-content\/uploads\/2025\/07\/CM-de-Coimbra-promove-acao-de-formacao-sobre-cuidados-de-saude-das-pessoas-LGBTQ-800x800.jpg\" data-nectar-img-srcset=\"https:\/\/pulsar.ces.uc.pt\/wp-content\/uploads\/2025\/07\/CM-de-Coimbra-promove-acao-de-formacao-sobre-cuidados-de-saude-das-pessoas-LGBTQ-800x800.jpg 800w, https:\/\/pulsar.ces.uc.pt\/wp-content\/uploads\/2025\/07\/CM-de-Coimbra-promove-acao-de-formacao-sobre-cuidados-de-saude-das-pessoas-LGBTQ-300x300.jpg 300w, https:\/\/pulsar.ces.uc.pt\/wp-content\/uploads\/2025\/07\/CM-de-Coimbra-promove-acao-de-formacao-sobre-cuidados-de-saude-das-pessoas-LGBTQ-1024x1024.jpg 1024w, https:\/\/pulsar.ces.uc.pt\/wp-content\/uploads\/2025\/07\/CM-de-Coimbra-promove-acao-de-formacao-sobre-cuidados-de-saude-das-pessoas-LGBTQ-150x150.jpg 150w, https:\/\/pulsar.ces.uc.pt\/wp-content\/uploads\/2025\/07\/CM-de-Coimbra-promove-acao-de-formacao-sobre-cuidados-de-saude-das-pessoas-LGBTQ-768x768.jpg 768w, https:\/\/pulsar.ces.uc.pt\/wp-content\/uploads\/2025\/07\/CM-de-Coimbra-promove-acao-de-formacao-sobre-cuidados-de-saude-das-pessoas-LGBTQ-1536x1536.jpg 1536w, https:\/\/pulsar.ces.uc.pt\/wp-content\/uploads\/2025\/07\/CM-de-Coimbra-promove-acao-de-formacao-sobre-cuidados-de-saude-das-pessoas-LGBTQ-2048x2048.jpg 2048w, https:\/\/pulsar.ces.uc.pt\/wp-content\/uploads\/2025\/07\/CM-de-Coimbra-promove-acao-de-formacao-sobre-cuidados-de-saude-das-pessoas-LGBTQ-12x12.jpg 12w, https:\/\/pulsar.ces.uc.pt\/wp-content\/uploads\/2025\/07\/CM-de-Coimbra-promove-acao-de-formacao-sobre-cuidados-de-saude-das-pessoas-LGBTQ-140x140.jpg 140w, https:\/\/pulsar.ces.uc.pt\/wp-content\/uploads\/2025\/07\/CM-de-Coimbra-promove-acao-de-formacao-sobre-cuidados-de-saude-das-pessoas-LGBTQ-100x100.jpg 100w, https:\/\/pulsar.ces.uc.pt\/wp-content\/uploads\/2025\/07\/CM-de-Coimbra-promove-acao-de-formacao-sobre-cuidados-de-saude-das-pessoas-LGBTQ-500x500.jpg 500w, https:\/\/pulsar.ces.uc.pt\/wp-content\/uploads\/2025\/07\/CM-de-Coimbra-promove-acao-de-formacao-sobre-cuidados-de-saude-das-pessoas-LGBTQ-350x350.jpg 350w, https:\/\/pulsar.ces.uc.pt\/wp-content\/uploads\/2025\/07\/CM-de-Coimbra-promove-acao-de-formacao-sobre-cuidados-de-saude-das-pessoas-LGBTQ-1000x1000.jpg 1000w\" sizes=\"(min-width: 690px) 50vw, 100vw\" \/><\/span>        \n        <div class=\"article-content-wrap\">\n          \n          <span class=\"meta-category\"><a class=\"eventos\" href=\"https:\/\/pulsar.ces.uc.pt\/en\/category\/eventos\/\">Events<\/a><\/span>          \n          <div class=\"post-header\">\n            <h3 class=\"title\"><a href=\"https:\/\/pulsar.ces.uc.pt\/en\/formacao-sobre-saude-das-pessoas-lgbtq\/\"> Forma\u00e7\u00e3o sobre sa\u00fade das pessoas LGBTQ+<\/a><\/h3>\n                      <\/div>\n          \n        <\/div><!--article-content-wrap-->\n        \n      <\/div><!--\/content-inner-->\n        \n    <\/div><!--\/post-content-->\n      \n  <\/div><!--\/inner-wrap-->\n    \n<\/article>     \n     \n<article id=\"post-6452\" class=\"masonry-blog-item post-6452 post type-post status-publish format-standard has-post-thumbnail category-eventos\">  \n    \n  <div class=\"inner-wrap animated\">\n    \n    <div class=\"post-content\">\n\n      <div class=\"content-inner\">\n        \n        <a class=\"entire-meta-link\" href=\"https:\/\/pulsar.ces.uc.pt\/en\/exposicao-livros-contra-o-apagamento\/\"><span class=\"screen-reader-text\">Exposi\u00e7\u00e3o bibliogr\u00e1fica &#8220;Livros contra o apagamento&#8221;<\/span><\/a>\n        \n        <span class=\"post-featured-img\"><img class=\"nectar-lazy wp-post-image skip-lazy\" alt=\"\" height=\"1413\" width=\"1000\" data-nectar-img-src=\"https:\/\/pulsar.ces.uc.pt\/wp-content\/uploads\/2025\/02\/Cartaz_Livro_contra_o_apagamento_OK-800x800.jpg\" data-nectar-img-srcset=\"https:\/\/pulsar.ces.uc.pt\/wp-content\/uploads\/2025\/02\/Cartaz_Livro_contra_o_apagamento_OK-800x800.jpg 800w, https:\/\/pulsar.ces.uc.pt\/wp-content\/uploads\/2025\/02\/Cartaz_Livro_contra_o_apagamento_OK-150x150.jpg 150w, https:\/\/pulsar.ces.uc.pt\/wp-content\/uploads\/2025\/02\/Cartaz_Livro_contra_o_apagamento_OK-140x140.jpg 140w, https:\/\/pulsar.ces.uc.pt\/wp-content\/uploads\/2025\/02\/Cartaz_Livro_contra_o_apagamento_OK-100x100.jpg 100w, https:\/\/pulsar.ces.uc.pt\/wp-content\/uploads\/2025\/02\/Cartaz_Livro_contra_o_apagamento_OK-500x500.jpg 500w, https:\/\/pulsar.ces.uc.pt\/wp-content\/uploads\/2025\/02\/Cartaz_Livro_contra_o_apagamento_OK-350x350.jpg 350w, https:\/\/pulsar.ces.uc.pt\/wp-content\/uploads\/2025\/02\/Cartaz_Livro_contra_o_apagamento_OK-1000x1000.jpg 1000w\" sizes=\"(min-width: 690px) 50vw, 100vw\" \/><\/span>        \n        <div class=\"article-content-wrap\">\n          \n          <span class=\"meta-category\"><a class=\"eventos\" href=\"https:\/\/pulsar.ces.uc.pt\/en\/category\/eventos\/\">Events<\/a><\/span>          \n          <div class=\"post-header\">\n            <h3 class=\"title\"><a href=\"https:\/\/pulsar.ces.uc.pt\/en\/exposicao-livros-contra-o-apagamento\/\"> Exposi\u00e7\u00e3o bibliogr\u00e1fica &#8220;Livros contra o apagamento&#8221;<\/a><\/h3>\n                      <\/div>\n          \n        <\/div><!--article-content-wrap-->\n        \n      <\/div><!--\/content-inner-->\n        \n    <\/div><!--\/post-content-->\n      \n  <\/div><!--\/inner-wrap-->\n    \n<\/article>    \n    <\/div><!--\/posts container-->\n    \n      \n<\/div><!--\/post area-->\n\n  \n\n<\/div>\n\n\n\t\t\t<\/div> \n\t\t<\/div> \n\t<\/div> \n\t\t\t<\/div> \n\t\t<\/div>\n\t<\/div> \n<\/div><\/div>","protected":false},"excerpt":{"rendered":"Durante o m\u00eas de junho de 2025, o projeto PULSAR colabora na realiza\u00e7\u00e3o de uma exposi\u00e7\u00e3o bibliogr\u00e1fica dedicada \u00e0s metodologias queer na Biblioteca Norte|Sul do Centro de Estudos Sociais da...","protected":false},"author":1,"featured_media":0,"parent":0,"menu_order":0,"comment_status":"closed","ping_status":"closed","template":"","meta":{"footnotes":""},"class_list":["post-6027","page","type-page","status-publish"],"_links":{"self":[{"href":"https:\/\/pulsar.ces.uc.pt\/en\/wp-json\/wp\/v2\/pages\/6027","targetHints":{"allow":["GET"]}}],"collection":[{"href":"https:\/\/pulsar.ces.uc.pt\/en\/wp-json\/wp\/v2\/pages"}],"about":[{"href":"https:\/\/pulsar.ces.uc.pt\/en\/wp-json\/wp\/v2\/types\/page"}],"author":[{"embeddable":true,"href":"https:\/\/pulsar.ces.uc.pt\/en\/wp-json\/wp\/v2\/users\/1"}],"replies":[{"embeddable":true,"href":"https:\/\/pulsar.ces.uc.pt\/en\/wp-json\/wp\/v2\/comments?post=6027"}],"version-history":[{"count":29,"href":"https:\/\/pulsar.ces.uc.pt\/en\/wp-json\/wp\/v2\/pages\/6027\/revisions"}],"predecessor-version":[{"id":6712,"href":"https:\/\/pulsar.ces.uc.pt\/en\/wp-json\/wp\/v2\/pages\/6027\/revisions\/6712"}],"wp:attachment":[{"href":"https:\/\/pulsar.ces.uc.pt\/en\/wp-json\/wp\/v2\/media?parent=6027"}],"curies":[{"name":"wp","href":"https:\/\/api.w.org\/{rel}","templated":true}]}}